{"id":20,"date":"2019-04-08T14:20:25","date_gmt":"2019-04-08T12:20:25","guid":{"rendered":"https:\/\/zem.utcluj.ro\/2019\/?page_id=20"},"modified":"2019-06-29T10:41:36","modified_gmt":"2019-06-29T08:41:36","slug":"despre-eveniment","status":"publish","type":"page","link":"https:\/\/zem.utcluj.ro\/2019\/informatii-participanti\/despre-eveniment\/","title":{"rendered":"Despre eveniment"},"content":{"rendered":"\n<h3 class=\"wp-block-heading\">Istoricul manifest\u0103rii &#8220;Zilele Educa\u021biei Mecatronice&#8221;<\/h3>\n\n\n\n<p style=\"text-align:left\">\u00cen anul 2002 avea loc <strong>prima competi\u021bie studen\u021beasc\u0103 de mecatronic\u0103 la nivel na\u021bional<\/strong>. Aceast\u0103 competi\u021bie intitulat\u0103 \u201c<strong>Olimpiada Na\u021bional\u0103 de Mecatronic\u0103<\/strong>\u201d s-a desf\u0103\u0219urat \u00een perioada 29-31 octombrie 2002 \u0219i a fost organizat\u0103 la Cluj-Napoca, de c\u0103tre Departamentul de Mecatronic\u0103 \u0219i Dinamica Ma\u0219inilor (pe atunci Catedra de Mecanisme, Mecanic\u0103 Fin\u0103 \u0219i Mecatronic\u0103) din Cadrul Universit\u0103\u021bii Tehnice din Cluj-Napoca. \u00cen cadrul manifest\u0103rii au participat 6 echipe reprezentative din 6 centre universitate, dup\u0103 cum urmeaz\u0103:<br>\u2013 Universitatea Politehnica din Bucure\u0219ti<br>\u2013 Universitatea Tehnic\u0103 de Construc\u021bii Bucure\u0219ti<br>\u2013 Universitatea Tehnic\u0103 din Cluj-Napoca<br>\u2013 Universitatea Tehnic\u0103 \u201cGheorghe Asachi\u201d din Ia\u0219i<br>\u2013 Universitatea Lucian Blaga din Sibiu<br>\u2013 Universitatea Politehnica Timi\u0219oara<\/p>\n\n\n\n<p style=\"text-align:left\">Cele cinci probe, atent cronometrate \u0219i supravegheate de arbitri, au constat \u00een montarea, punerea \u00een func\u021biune, reglarea, operarea, depanarea \u0219i efectuarea de modific\u0103ri pe echipamente de uz didactic ce au \u00een structur\u0103 urm\u0103toarele tipuri de sisteme:<br>\u2022 mecanice, pneumatice<br>\u2022 electrice, electronice<br>\u2022 senzori, traductoare<br>\u2022 automate programabile<br>\u2022 softuri specializate<\/p>\n\n\n\n<p style=\"text-align:left\">Echipele concurente au beneficiat de o preg\u0103tire ini\u021bial\u0103 din partea firmei <strong>FESTO Rom\u00e2nia<\/strong>, dup\u0103 care instruirea ini\u021bial\u0103 s-a desf\u0103\u0219urat pentru fiecare echip\u0103 individual \u0219i autonom, la sediul propriu, pe echipamente FESTO, acestea fiind cele utilizate \u0219i la Olimpiadele Interna\u021bionale de Mecatronic\u0103. Fiecare prob\u0103 solicit\u0103 din partea echipelor cuno\u0219tin\u021be teoretice solide \u0219i deprinderi practice din domeniul automatiz\u0103rilor industriale. Spiritul de echip\u0103, organizare \u0219i creativitate sunt, deasemenea, cerin\u021be imperative pentru dep\u0103\u0219irea exigen\u021belor competi\u021biei.<\/p>\n\n\n\n<div class=\"wp-block-image\"><figure class=\"aligncenter\"><img loading=\"lazy\" decoding=\"async\" width=\"550\" height=\"413\" src=\"https:\/\/zem.utcluj.ro\/2019\/wp-content\/uploads\/2019\/04\/olimpiada_de_mecatronica_2002_oct.jpg\" alt=\"olimpiata nationala de mecatronica Cluj 2002\" class=\"wp-image-163\" srcset=\"https:\/\/zem.utcluj.ro\/2019\/wp-content\/uploads\/2019\/04\/olimpiada_de_mecatronica_2002_oct.jpg 550w, https:\/\/zem.utcluj.ro\/2019\/wp-content\/uploads\/2019\/04\/olimpiada_de_mecatronica_2002_oct-300x225.jpg 300w\" sizes=\"auto, (max-width: 550px) 100vw, 550px\" \/><\/figure><\/div>\n\n\n\n<hr class=\"wp-block-separator\"\/>\n\n\n\n<p style=\"text-align:left\">Manifestarea intitulat\u0103 \u201c<strong>Zilele Educa\u021biei Mecatronice<\/strong>\u201d a fost ini\u021biat\u0103 de Universitatea Transilvania din Bra\u0219ov \u00een anul 2010 cu scopul de a reuni anual universit\u0103\u021bile din Rom\u00e2nia care asigur\u0103 preg\u0103tire de excelen\u021b\u0103 \u00een domeniul mecatronic, al\u0103turi de companii importante din domeniu care doresc s\u0103-\u0219i prezinte produsele \u0219i activitatea pe care o desf\u0103\u0219oar\u0103.<\/p>\n\n\n\n<p style=\"text-align:left\">Ajunse \u00een prezent la <strong>edi\u021bia a X-a<\/strong>, \u201cZilele Educa\u021biei Mecatronice\u201d s-au desf\u0103\u0219urat \u00een fiecare an \u00een c\u00e2te un alt centru universitar:<\/p>\n\n\n\n<p style=\"text-align:left\">\u2013&nbsp;<strong>2010<\/strong> \u2013 Universitatea Transilvania din Bra\u0219ov;<br>\u2013&nbsp;<strong>2011<\/strong> \u2013 Universitatea Politehnica Timi\u0219oara;<br>\u2013&nbsp;<strong>2012<\/strong> \u2013 Universitatea Tehnic\u0103 din Cluj-Napoca;<br>\u2013&nbsp;<strong>2013<\/strong> \u2013 Universitatea \u201cDun\u0103rea de Jos\u201d din Gala\u021bi;<br>\u2013&nbsp;<strong>2014<\/strong> \u2013 Universitatea Politehnica din Bucure\u0219ti;<br>\u2013&nbsp;<a href=\"http:\/\/mdm.utcluj.ro\/manifestari-stiintifice\/zilele-educatiei-mecatronice\/zem-2015-craiova\/\"><strong>2015<\/strong>&nbsp;\u2013 Universitatea din Craiova;<\/a><br>\u2013&nbsp;<a href=\"http:\/\/mdm.utcluj.ro\/manifestari-stiintifice\/zilele-educatiei-mecatronice\/zem-2016-iasi\/\"><strong>2016<\/strong> \u2013 Universitatea Tehnic\u0103 \u201cGheorghe Asachi\u201d din Ia\u0219i;<\/a><br>\u2013&nbsp;<a href=\"http:\/\/mdm.utcluj.ro\/manifestari-stiintifice\/zilele-educatiei-mecatronice\/zem-2017-brasov\/\"><strong>2017<\/strong> \u2013 Universitatea Transilvania din Bra\u0219ov;<\/a><br>\u2013&nbsp;<a href=\"http:\/\/mdm.utcluj.ro\/manifestari-stiintifice\/zilele-educatiei-mecatronice\/zem-2018-sibiu\/\"><strong>2018<\/strong>&nbsp;\u2013 Universitatea Lucian Blaga din Sibiu.<\/a><\/p>\n\n\n\n<p style=\"text-align:left\"><strong>Edi\u021bia a X-a<\/strong> a manifest\u0103rii \u201cZilele Educa\u021biei Mecatronice\u201d este organizat\u0103 de <strong><a style=\"text-decoration: none\" href=\"http:\/\/www.utcluj.ro\">Universitatea Tehnic\u0103 din Cluj-Napoca<\/a><\/strong>, prin <strong><a style=\"text-decoration: none\" href=\"http:\/\/mdm.utcluj.ro\">Departamentul de Mecatronic\u0103 \u0219i Dinamica Ma\u0219inilor<\/a><\/strong>.<br>&nbsp;<\/p>\n\n\n\n<h3 class=\"wp-block-heading\">Parteneri:<\/h3>\n\n\n\n<hr class=\"wp-block-separator\"\/>\n\n\n\n<div class=\"wp-block-columns has-4-columns is-layout-flex wp-container-core-columns-is-layout-1 wp-block-columns-is-layout-flex\">\n<div class=\"wp-block-column is-layout-flow wp-block-column-is-layout-flow\">\n<div class=\"wp-block-image\"><figure class=\"aligncenter\"><a href=\"https:\/\/www.edu.ro\/\" target=\"_blank\" rel=\"noreferrer noopener\"><img loading=\"lazy\" decoding=\"async\" width=\"600\" height=\"600\" src=\"https:\/\/zem.utcluj.ro\/2019\/wp-content\/uploads\/2019\/04\/men_ap.jpg\" alt=\"\" class=\"wp-image-257\" srcset=\"https:\/\/zem.utcluj.ro\/2019\/wp-content\/uploads\/2019\/04\/men_ap.jpg 600w, https:\/\/zem.utcluj.ro\/2019\/wp-content\/uploads\/2019\/04\/men_ap-150x150.jpg 150w, https:\/\/zem.utcluj.ro\/2019\/wp-content\/uploads\/2019\/04\/men_ap-300x300.jpg 300w\" sizes=\"auto, (max-width: 600px) 100vw, 600px\" \/><\/a><\/figure><\/div>\n<\/div>\n\n\n\n<div class=\"wp-block-column is-layout-flow wp-block-column-is-layout-flow\">\n<div class=\"wp-block-image\"><figure class=\"aligncenter\"><a href=\"http:\/\/www.utcluj.ro\" target=\"_blank\" rel=\"noreferrer noopener\"><img loading=\"lazy\" decoding=\"async\" width=\"500\" height=\"500\" src=\"https:\/\/zem.utcluj.ro\/2019\/wp-content\/uploads\/2019\/04\/sigla-utcluj_ap.png\" alt=\"\" class=\"wp-image-258\" srcset=\"https:\/\/zem.utcluj.ro\/2019\/wp-content\/uploads\/2019\/04\/sigla-utcluj_ap.png 500w, https:\/\/zem.utcluj.ro\/2019\/wp-content\/uploads\/2019\/04\/sigla-utcluj_ap-150x150.png 150w, https:\/\/zem.utcluj.ro\/2019\/wp-content\/uploads\/2019\/04\/sigla-utcluj_ap-300x300.png 300w\" sizes=\"auto, (max-width: 500px) 100vw, 500px\" \/><\/a><\/figure><\/div>\n<\/div>\n\n\n\n<div class=\"wp-block-column is-layout-flow wp-block-column-is-layout-flow\">\n<div class=\"wp-block-image\"><figure class=\"aligncenter\"><a href=\"http:\/\/armm.utcluj.ro\" target=\"_blank\" rel=\"noreferrer noopener\"><img loading=\"lazy\" decoding=\"async\" width=\"600\" height=\"600\" src=\"\/wp-content\/uploads\/2019\/04\/armm.png\" alt=\"\" class=\"wp-image-463\" srcset=\"https:\/\/zem.utcluj.ro\/2019\/wp-content\/uploads\/2019\/04\/armm.png 600w, https:\/\/zem.utcluj.ro\/2019\/wp-content\/uploads\/2019\/04\/armm-150x150.png 150w, https:\/\/zem.utcluj.ro\/2019\/wp-content\/uploads\/2019\/04\/armm-300x300.png 300w\" sizes=\"auto, (max-width: 600px) 100vw, 600px\" \/><\/a><\/figure><\/div>\n<\/div>\n\n\n\n<div class=\"wp-block-column is-layout-flow wp-block-column-is-layout-flow\">\n<figure class=\"wp-block-image\"><a href=\"http:\/\/mdm.utcluj.ro\" target=\"_blank\" rel=\"noreferrer noopener\"><img loading=\"lazy\" decoding=\"async\" width=\"600\" height=\"600\" src=\"https:\/\/zem.utcluj.ro\/2019\/wp-content\/uploads\/2019\/04\/dep-mdm.png\" alt=\"\" class=\"wp-image-522\" srcset=\"https:\/\/zem.utcluj.ro\/2019\/wp-content\/uploads\/2019\/04\/dep-mdm.png 600w, https:\/\/zem.utcluj.ro\/2019\/wp-content\/uploads\/2019\/04\/dep-mdm-150x150.png 150w, https:\/\/zem.utcluj.ro\/2019\/wp-content\/uploads\/2019\/04\/dep-mdm-300x300.png 300w\" sizes=\"auto, (max-width: 600px) 100vw, 600px\" \/><\/a><\/figure>\n<\/div>\n<\/div>\n\n\n\n<h3 class=\"wp-block-heading\">Sponsori:<\/h3>\n\n\n\n<hr class=\"wp-block-separator\"\/>\n\n\n\n<div class=\"wp-block-columns has-4-columns is-layout-flex wp-container-core-columns-is-layout-2 wp-block-columns-is-layout-flex\">\n<div class=\"wp-block-column is-layout-flow wp-block-column-is-layout-flow\">\n<div class=\"wp-block-image\"><figure class=\"aligncenter\"><a href=\"\/sponsori\/bosch\/\" target=\"_blank\" rel=\"noreferrer noopener\"><img decoding=\"async\" src=\"https:\/\/zem.utcluj.ro\/2019\/wp-content\/uploads\/2019\/05\/Bosch-p.png\" alt=\"\" class=\"wp-image-243\"\/><\/a><\/figure><\/div>\n<\/div>\n\n\n\n<div class=\"wp-block-column is-layout-flow wp-block-column-is-layout-flow\">\n<div class=\"wp-block-image\"><figure class=\"aligncenter\"><a href=\"https:\/\/www.continental-corporation.com\/ro-ro\" target=\"_blank\" rel=\"noreferrer noopener\"><img loading=\"lazy\" decoding=\"async\" width=\"600\" height=\"600\" src=\"https:\/\/zem.utcluj.ro\/2019\/wp-content\/uploads\/2019\/04\/continental_p.png\" alt=\"\" class=\"wp-image-245\" srcset=\"https:\/\/zem.utcluj.ro\/2019\/wp-content\/uploads\/2019\/04\/continental_p.png 600w, https:\/\/zem.utcluj.ro\/2019\/wp-content\/uploads\/2019\/04\/continental_p-150x150.png 150w, https:\/\/zem.utcluj.ro\/2019\/wp-content\/uploads\/2019\/04\/continental_p-300x300.png 300w\" sizes=\"auto, (max-width: 600px) 100vw, 600px\" \/><\/a><\/figure><\/div>\n<\/div>\n\n\n\n<div class=\"wp-block-column is-layout-flow wp-block-column-is-layout-flow\">\n<div class=\"wp-block-image\"><figure class=\"aligncenter\"><a href=\"https:\/\/www.emerson.ro\/\" target=\"_blank\" rel=\"noreferrer noopener\"><img loading=\"lazy\" decoding=\"async\" width=\"600\" height=\"600\" src=\"https:\/\/zem.utcluj.ro\/2019\/wp-content\/uploads\/2019\/04\/emerson_ap.jpg\" alt=\"\" class=\"wp-image-246\" srcset=\"https:\/\/zem.utcluj.ro\/2019\/wp-content\/uploads\/2019\/04\/emerson_ap.jpg 600w, https:\/\/zem.utcluj.ro\/2019\/wp-content\/uploads\/2019\/04\/emerson_ap-150x150.jpg 150w, https:\/\/zem.utcluj.ro\/2019\/wp-content\/uploads\/2019\/04\/emerson_ap-300x300.jpg 300w\" sizes=\"auto, (max-width: 600px) 100vw, 600px\" \/><\/a><\/figure><\/div>\n<\/div>\n\n\n\n<div class=\"wp-block-column is-layout-flow wp-block-column-is-layout-flow\">\n<div class=\"wp-block-image\"><figure class=\"aligncenter\"><a href=\"https:\/\/www.wittenstein.ro\/\" target=\"_blank\" rel=\"noreferrer noopener\"><img loading=\"lazy\" decoding=\"async\" width=\"292\" height=\"292\" src=\"https:\/\/zem.utcluj.ro\/2019\/wp-content\/uploads\/2019\/04\/WITT-LOGO_ap.jpg\" alt=\"\" class=\"wp-image-250\" srcset=\"https:\/\/zem.utcluj.ro\/2019\/wp-content\/uploads\/2019\/04\/WITT-LOGO_ap.jpg 292w, https:\/\/zem.utcluj.ro\/2019\/wp-content\/uploads\/2019\/04\/WITT-LOGO_ap-150x150.jpg 150w\" sizes=\"auto, (max-width: 292px) 100vw, 292px\" \/><\/a><\/figure><\/div>\n<\/div>\n<\/div>\n\n\n\n<div class=\"wp-block-columns has-4-columns is-layout-flex wp-container-core-columns-is-layout-3 wp-block-columns-is-layout-flex\">\n<div class=\"wp-block-column is-layout-flow wp-block-column-is-layout-flow\">\n<div class=\"wp-block-image\"><figure class=\"aligncenter\"><a href=\"https:\/\/www.arrkeurope.com\/\" target=\"_blank\" rel=\"noreferrer noopener\"><img loading=\"lazy\" decoding=\"async\" width=\"600\" height=\"600\" src=\"https:\/\/zem.utcluj.ro\/2019\/wp-content\/uploads\/2019\/04\/arkk_jap.png\" alt=\"\" class=\"wp-image-241\" srcset=\"https:\/\/zem.utcluj.ro\/2019\/wp-content\/uploads\/2019\/04\/arkk_jap.png 600w, https:\/\/zem.utcluj.ro\/2019\/wp-content\/uploads\/2019\/04\/arkk_jap-150x150.png 150w, https:\/\/zem.utcluj.ro\/2019\/wp-content\/uploads\/2019\/04\/arkk_jap-300x300.png 300w\" sizes=\"auto, (max-width: 600px) 100vw, 600px\" \/><\/a><\/figure><\/div>\n<\/div>\n\n\n\n<div class=\"wp-block-column is-layout-flow wp-block-column-is-layout-flow\">\n<figure class=\"wp-block-image\"><a href=\"https:\/\/www.irsap.it\/ro\/\"><img loading=\"lazy\" decoding=\"async\" width=\"600\" height=\"600\" src=\"https:\/\/zem.utcluj.ro\/2019\/wp-content\/uploads\/2019\/05\/Irsap-Logo-p.png\" alt=\"\" class=\"wp-image-613\" srcset=\"https:\/\/zem.utcluj.ro\/2019\/wp-content\/uploads\/2019\/05\/Irsap-Logo-p.png 600w, https:\/\/zem.utcluj.ro\/2019\/wp-content\/uploads\/2019\/05\/Irsap-Logo-p-150x150.png 150w, https:\/\/zem.utcluj.ro\/2019\/wp-content\/uploads\/2019\/05\/Irsap-Logo-p-300x300.png 300w\" sizes=\"auto, (max-width: 600px) 100vw, 600px\" \/><\/a><\/figure>\n<\/div>\n\n\n\n<div class=\"wp-block-column is-layout-flow wp-block-column-is-layout-flow\">\n<div class=\"wp-block-image\"><figure class=\"aligncenter\"><a href=\"https:\/\/www.festo.com\/cms\/ro_ro\/index.htm\" target=\"_blank\" rel=\"noreferrer noopener\"><img loading=\"lazy\" decoding=\"async\" width=\"600\" height=\"600\" src=\"https:\/\/zem.utcluj.ro\/2019\/wp-content\/uploads\/2019\/04\/Festo_p.png\" alt=\"\" class=\"wp-image-247\" srcset=\"https:\/\/zem.utcluj.ro\/2019\/wp-content\/uploads\/2019\/04\/Festo_p.png 600w, https:\/\/zem.utcluj.ro\/2019\/wp-content\/uploads\/2019\/04\/Festo_p-150x150.png 150w, https:\/\/zem.utcluj.ro\/2019\/wp-content\/uploads\/2019\/04\/Festo_p-300x300.png 300w\" sizes=\"auto, (max-width: 600px) 100vw, 600px\" \/><\/a><\/figure><\/div>\n<\/div>\n\n\n\n<div class=\"wp-block-column is-layout-flow wp-block-column-is-layout-flow\">\n<div class=\"wp-block-image\"><figure class=\"aligncenter\"><a href=\"https:\/\/www.bartrom.ro\/\" target=\"_blank\" rel=\"noreferrer noopener\"><img loading=\"lazy\" decoding=\"async\" width=\"311\" height=\"311\" src=\"https:\/\/zem.utcluj.ro\/2019\/wp-content\/uploads\/2019\/04\/bartrom_ap.jpg\" alt=\"\" class=\"wp-image-242\" srcset=\"https:\/\/zem.utcluj.ro\/2019\/wp-content\/uploads\/2019\/04\/bartrom_ap.jpg 311w, https:\/\/zem.utcluj.ro\/2019\/wp-content\/uploads\/2019\/04\/bartrom_ap-150x150.jpg 150w, https:\/\/zem.utcluj.ro\/2019\/wp-content\/uploads\/2019\/04\/bartrom_ap-300x300.jpg 300w\" sizes=\"auto, (max-width: 311px) 100vw, 311px\" \/><\/a><\/figure><\/div>\n<\/div>\n<\/div>\n\n\n\n<div class=\"wp-block-columns has-4-columns is-layout-flex wp-container-core-columns-is-layout-4 wp-block-columns-is-layout-flex\">\n<div class=\"wp-block-column is-layout-flow wp-block-column-is-layout-flow\">\n<div class=\"wp-block-image\"><figure class=\"aligncenter\"><a href=\"http:\/\/www.yottavolt.com\/\" target=\"_blank\" rel=\"noreferrer noopener\"><img loading=\"lazy\" decoding=\"async\" width=\"600\" height=\"600\" src=\"https:\/\/zem.utcluj.ro\/2019\/wp-content\/uploads\/2019\/05\/yottavolt_jap.jpg\" alt=\"\" class=\"wp-image-576\" srcset=\"https:\/\/zem.utcluj.ro\/2019\/wp-content\/uploads\/2019\/05\/yottavolt_jap.jpg 600w, https:\/\/zem.utcluj.ro\/2019\/wp-content\/uploads\/2019\/05\/yottavolt_jap-150x150.jpg 150w, https:\/\/zem.utcluj.ro\/2019\/wp-content\/uploads\/2019\/05\/yottavolt_jap-300x300.jpg 300w\" sizes=\"auto, (max-width: 600px) 100vw, 600px\" \/><\/a><\/figure><\/div>\n<\/div>\n\n\n\n<div class=\"wp-block-column is-layout-flow wp-block-column-is-layout-flow\">\n<div class=\"wp-block-image\"><figure class=\"aligncenter\"><a href=\"http:\/\/www.powerbelt.ro\" target=\"_blank\" rel=\"noreferrer noopener\"><img loading=\"lazy\" decoding=\"async\" width=\"307\" height=\"307\" src=\"https:\/\/zem.utcluj.ro\/2019\/wp-content\/uploads\/2019\/04\/powerbelt_ap.png\" alt=\"\" class=\"wp-image-524\" srcset=\"https:\/\/zem.utcluj.ro\/2019\/wp-content\/uploads\/2019\/04\/powerbelt_ap.png 307w, https:\/\/zem.utcluj.ro\/2019\/wp-content\/uploads\/2019\/04\/powerbelt_ap-150x150.png 150w, https:\/\/zem.utcluj.ro\/2019\/wp-content\/uploads\/2019\/04\/powerbelt_ap-300x300.png 300w\" sizes=\"auto, (max-width: 307px) 100vw, 307px\" \/><\/a><\/figure><\/div>\n<\/div>\n\n\n\n<div class=\"wp-block-column is-layout-flow wp-block-column-is-layout-flow\">\n<figure class=\"wp-block-image\"><a href=\"http:\/\/www.psc-asi.ro\/\" target=\"_blank\" rel=\"noreferrer noopener\"><img loading=\"lazy\" decoding=\"async\" width=\"600\" height=\"600\" src=\"https:\/\/zem.utcluj.ro\/2019\/wp-content\/uploads\/2019\/05\/PSC_ap.jpg\" alt=\"\" class=\"wp-image-562\" srcset=\"https:\/\/zem.utcluj.ro\/2019\/wp-content\/uploads\/2019\/05\/PSC_ap.jpg 600w, https:\/\/zem.utcluj.ro\/2019\/wp-content\/uploads\/2019\/05\/PSC_ap-150x150.jpg 150w, https:\/\/zem.utcluj.ro\/2019\/wp-content\/uploads\/2019\/05\/PSC_ap-300x300.jpg 300w\" sizes=\"auto, (max-width: 600px) 100vw, 600px\" \/><\/a><\/figure>\n<\/div>\n\n\n\n<div class=\"wp-block-column is-layout-flow wp-block-column-is-layout-flow\">\n<figure class=\"wp-block-image\"><a href=\"https:\/\/www.coca-cola.ro\" target=\"_blank\" rel=\"noreferrer noopener\"><img loading=\"lazy\" decoding=\"async\" width=\"360\" height=\"360\" src=\"https:\/\/zem.utcluj.ro\/2019\/wp-content\/uploads\/2019\/04\/coca-cola_mic.png\" alt=\"\" class=\"wp-image-255\" srcset=\"https:\/\/zem.utcluj.ro\/2019\/wp-content\/uploads\/2019\/04\/coca-cola_mic.png 360w, https:\/\/zem.utcluj.ro\/2019\/wp-content\/uploads\/2019\/04\/coca-cola_mic-150x150.png 150w, https:\/\/zem.utcluj.ro\/2019\/wp-content\/uploads\/2019\/04\/coca-cola_mic-300x300.png 300w\" sizes=\"auto, (max-width: 360px) 100vw, 360px\" \/><\/a><\/figure>\n<\/div>\n<\/div>\n\n\n\n<hr class=\"wp-block-separator\"\/>\n\n\n\n<p><strong>Le mul\u021bumim partenerilor \u0219i sponsorilor no\u0219tri<\/strong> care au f\u0103cut posibil\u0103 organizarea unei noi edi\u021bii de succes a manifest\u0103rii \u0219tiin\u021bifice studen\u021be\u0219ti &#8220;<strong>Zilele Educa\u021biei Mecatronice 2019<\/strong>&#8221; &#8211; Edi\u021bia a X-a. <\/p>\n","protected":false},"excerpt":{"rendered":"<p>Istoricul manifest\u0103rii &#8220;Zilele Educa\u021biei Mecatronice&#8221; \u00cen anul 2002 avea loc prima competi\u021bie studen\u021beasc\u0103 de mecatronic\u0103 la nivel na\u021bional. Aceast\u0103 competi\u021bie intitulat\u0103 \u201cOlimpiada Na\u021bional\u0103 de Mecatronic\u0103\u201d s-a desf\u0103\u0219urat \u00een perioada 29-31 octombrie 2002 \u0219i a fost organizat\u0103 la Cluj-Napoca, de c\u0103tre Departamentul de Mecatronic\u0103 \u0219i Dinamica Ma\u0219inilor (pe atunci Catedra de Mecanisme, Mecanic\u0103 Fin\u0103 \u0219i Mecatronic\u0103)&hellip; <br \/> <a class=\"read-more\" href=\"https:\/\/zem.utcluj.ro\/2019\/informatii-participanti\/despre-eveniment\/\">Read more<\/a><\/p>\n","protected":false},"author":1,"featured_media":0,"parent":24,"menu_order":6,"comment_status":"closed","ping_status":"closed","template":"","meta":{"footnotes":""},"class_list":["post-20","page","type-page","status-publish","hentry"],"yoast_head":"<!-- This site is optimized with the Yoast SEO plugin v23.9 - https:\/\/yoast.com\/wordpress\/plugins\/seo\/ -->\n<title>Despre eveniment - ZEM 2019 - Zilele Educatiei Mecatronice 2019<\/title>\n<meta name=\"robots\" content=\"index, follow, max-snippet:-1, max-image-preview:large, max-video-preview:-1\" \/>\n<link rel=\"canonical\" href=\"https:\/\/zem.utcluj.ro\/2019\/informatii-participanti\/despre-eveniment\/\" \/>\n<meta property=\"og:locale\" content=\"en_US\" \/>\n<meta property=\"og:type\" content=\"article\" \/>\n<meta property=\"og:title\" content=\"Despre eveniment - ZEM 2019 - Zilele Educatiei Mecatronice 2019\" \/>\n<meta property=\"og:description\" content=\"Istoricul manifest\u0103rii &#8220;Zilele Educa\u021biei Mecatronice&#8221; \u00cen anul 2002 avea loc prima competi\u021bie studen\u021beasc\u0103 de mecatronic\u0103 la nivel na\u021bional. Aceast\u0103 competi\u021bie intitulat\u0103 \u201cOlimpiada Na\u021bional\u0103 de Mecatronic\u0103\u201d s-a desf\u0103\u0219urat \u00een perioada 29-31 octombrie 2002 \u0219i a fost organizat\u0103 la Cluj-Napoca, de c\u0103tre Departamentul de Mecatronic\u0103 \u0219i Dinamica Ma\u0219inilor (pe atunci Catedra de Mecanisme, Mecanic\u0103 Fin\u0103 \u0219i Mecatronic\u0103)&hellip; Read more\" \/>\n<meta property=\"og:url\" content=\"https:\/\/zem.utcluj.ro\/2019\/informatii-participanti\/despre-eveniment\/\" \/>\n<meta property=\"og:site_name\" content=\"ZEM 2019 - Zilele Educatiei Mecatronice 2019\" \/>\n<meta property=\"article:modified_time\" content=\"2019-06-29T08:41:36+00:00\" \/>\n<meta property=\"og:image\" content=\"https:\/\/zem.utcluj.ro\/2019\/wp-content\/uploads\/2019\/04\/olimpiada_de_mecatronica_2002_oct.jpg\" \/>\n\t<meta property=\"og:image:width\" content=\"550\" \/>\n\t<meta property=\"og:image:height\" content=\"413\" \/>\n\t<meta property=\"og:image:type\" content=\"image\/jpeg\" \/>\n<meta name=\"twitter:card\" content=\"summary_large_image\" \/>\n<meta name=\"twitter:label1\" content=\"Est. reading time\" \/>\n\t<meta name=\"twitter:data1\" content=\"2 minutes\" \/>\n<script type=\"application\/ld+json\" class=\"yoast-schema-graph\">{\"@context\":\"https:\/\/schema.org\",\"@graph\":[{\"@type\":\"WebPage\",\"@id\":\"https:\/\/zem.utcluj.ro\/2019\/informatii-participanti\/despre-eveniment\/\",\"url\":\"https:\/\/zem.utcluj.ro\/2019\/informatii-participanti\/despre-eveniment\/\",\"name\":\"Despre eveniment - ZEM 2019 - Zilele Educatiei Mecatronice 2019\",\"isPartOf\":{\"@id\":\"https:\/\/zem.utcluj.ro\/2019\/#website\"},\"primaryImageOfPage\":{\"@id\":\"https:\/\/zem.utcluj.ro\/2019\/informatii-participanti\/despre-eveniment\/#primaryimage\"},\"image\":{\"@id\":\"https:\/\/zem.utcluj.ro\/2019\/informatii-participanti\/despre-eveniment\/#primaryimage\"},\"thumbnailUrl\":\"https:\/\/zem.utcluj.ro\/2019\/wp-content\/uploads\/2019\/04\/olimpiada_de_mecatronica_2002_oct.jpg\",\"datePublished\":\"2019-04-08T12:20:25+00:00\",\"dateModified\":\"2019-06-29T08:41:36+00:00\",\"breadcrumb\":{\"@id\":\"https:\/\/zem.utcluj.ro\/2019\/informatii-participanti\/despre-eveniment\/#breadcrumb\"},\"inLanguage\":\"en-US\",\"potentialAction\":[{\"@type\":\"ReadAction\",\"target\":[\"https:\/\/zem.utcluj.ro\/2019\/informatii-participanti\/despre-eveniment\/\"]}]},{\"@type\":\"ImageObject\",\"inLanguage\":\"en-US\",\"@id\":\"https:\/\/zem.utcluj.ro\/2019\/informatii-participanti\/despre-eveniment\/#primaryimage\",\"url\":\"https:\/\/zem.utcluj.ro\/2019\/wp-content\/uploads\/2019\/04\/olimpiada_de_mecatronica_2002_oct.jpg\",\"contentUrl\":\"https:\/\/zem.utcluj.ro\/2019\/wp-content\/uploads\/2019\/04\/olimpiada_de_mecatronica_2002_oct.jpg\",\"width\":550,\"height\":413,\"caption\":\"olimpiata nationala de mecatronica Cluj 2002\"},{\"@type\":\"BreadcrumbList\",\"@id\":\"https:\/\/zem.utcluj.ro\/2019\/informatii-participanti\/despre-eveniment\/#breadcrumb\",\"itemListElement\":[{\"@type\":\"ListItem\",\"position\":1,\"name\":\"Home\",\"item\":\"https:\/\/zem.utcluj.ro\/2019\/\"},{\"@type\":\"ListItem\",\"position\":2,\"name\":\"Informa\u021bii participan\u021bi\",\"item\":\"https:\/\/zem.utcluj.ro\/2019\/informatii-participanti\/\"},{\"@type\":\"ListItem\",\"position\":3,\"name\":\"Despre eveniment\"}]},{\"@type\":\"WebSite\",\"@id\":\"https:\/\/zem.utcluj.ro\/2019\/#website\",\"url\":\"https:\/\/zem.utcluj.ro\/2019\/\",\"name\":\"ZEM 2019 - Zilele Educatiei Mecatronice 2019\",\"description\":\"Concursul National de Mecatronica - Editia a X-a\",\"publisher\":{\"@id\":\"https:\/\/zem.utcluj.ro\/2019\/#organization\"},\"potentialAction\":[{\"@type\":\"SearchAction\",\"target\":{\"@type\":\"EntryPoint\",\"urlTemplate\":\"https:\/\/zem.utcluj.ro\/2019\/?s={search_term_string}\"},\"query-input\":{\"@type\":\"PropertyValueSpecification\",\"valueRequired\":true,\"valueName\":\"search_term_string\"}}],\"inLanguage\":\"en-US\"},{\"@type\":\"Organization\",\"@id\":\"https:\/\/zem.utcluj.ro\/2019\/#organization\",\"name\":\"Technical University of Cluj-Napoca\",\"url\":\"https:\/\/zem.utcluj.ro\/2019\/\",\"logo\":{\"@type\":\"ImageObject\",\"inLanguage\":\"en-US\",\"@id\":\"https:\/\/zem.utcluj.ro\/2019\/#\/schema\/logo\/image\/\",\"url\":\"https:\/\/zem.utcluj.ro\/2019\/wp-content\/uploads\/2019\/04\/logo-zem.png\",\"contentUrl\":\"https:\/\/zem.utcluj.ro\/2019\/wp-content\/uploads\/2019\/04\/logo-zem.png\",\"width\":440,\"height\":185,\"caption\":\"Technical University of Cluj-Napoca\"},\"image\":{\"@id\":\"https:\/\/zem.utcluj.ro\/2019\/#\/schema\/logo\/image\/\"}}]}<\/script>\n<!-- \/ Yoast SEO plugin. -->","yoast_head_json":{"title":"Despre eveniment - ZEM 2019 - Zilele Educatiei Mecatronice 2019","robots":{"index":"index","follow":"follow","max-snippet":"max-snippet:-1","max-image-preview":"max-image-preview:large","max-video-preview":"max-video-preview:-1"},"canonical":"https:\/\/zem.utcluj.ro\/2019\/informatii-participanti\/despre-eveniment\/","og_locale":"en_US","og_type":"article","og_title":"Despre eveniment - ZEM 2019 - Zilele Educatiei Mecatronice 2019","og_description":"Istoricul manifest\u0103rii &#8220;Zilele Educa\u021biei Mecatronice&#8221; \u00cen anul 2002 avea loc prima competi\u021bie studen\u021beasc\u0103 de mecatronic\u0103 la nivel na\u021bional. Aceast\u0103 competi\u021bie intitulat\u0103 \u201cOlimpiada Na\u021bional\u0103 de Mecatronic\u0103\u201d s-a desf\u0103\u0219urat \u00een perioada 29-31 octombrie 2002 \u0219i a fost organizat\u0103 la Cluj-Napoca, de c\u0103tre Departamentul de Mecatronic\u0103 \u0219i Dinamica Ma\u0219inilor (pe atunci Catedra de Mecanisme, Mecanic\u0103 Fin\u0103 \u0219i Mecatronic\u0103)&hellip; Read more","og_url":"https:\/\/zem.utcluj.ro\/2019\/informatii-participanti\/despre-eveniment\/","og_site_name":"ZEM 2019 - Zilele Educatiei Mecatronice 2019","article_modified_time":"2019-06-29T08:41:36+00:00","og_image":[{"width":550,"height":413,"url":"https:\/\/zem.utcluj.ro\/2019\/wp-content\/uploads\/2019\/04\/olimpiada_de_mecatronica_2002_oct.jpg","type":"image\/jpeg"}],"twitter_card":"summary_large_image","twitter_misc":{"Est. reading time":"2 minutes"},"schema":{"@context":"https:\/\/schema.org","@graph":[{"@type":"WebPage","@id":"https:\/\/zem.utcluj.ro\/2019\/informatii-participanti\/despre-eveniment\/","url":"https:\/\/zem.utcluj.ro\/2019\/informatii-participanti\/despre-eveniment\/","name":"Despre eveniment - ZEM 2019 - Zilele Educatiei Mecatronice 2019","isPartOf":{"@id":"https:\/\/zem.utcluj.ro\/2019\/#website"},"primaryImageOfPage":{"@id":"https:\/\/zem.utcluj.ro\/2019\/informatii-participanti\/despre-eveniment\/#primaryimage"},"image":{"@id":"https:\/\/zem.utcluj.ro\/2019\/informatii-participanti\/despre-eveniment\/#primaryimage"},"thumbnailUrl":"https:\/\/zem.utcluj.ro\/2019\/wp-content\/uploads\/2019\/04\/olimpiada_de_mecatronica_2002_oct.jpg","datePublished":"2019-04-08T12:20:25+00:00","dateModified":"2019-06-29T08:41:36+00:00","breadcrumb":{"@id":"https:\/\/zem.utcluj.ro\/2019\/informatii-participanti\/despre-eveniment\/#breadcrumb"},"inLanguage":"en-US","potentialAction":[{"@type":"ReadAction","target":["https:\/\/zem.utcluj.ro\/2019\/informatii-participanti\/despre-eveniment\/"]}]},{"@type":"ImageObject","inLanguage":"en-US","@id":"https:\/\/zem.utcluj.ro\/2019\/informatii-participanti\/despre-eveniment\/#primaryimage","url":"https:\/\/zem.utcluj.ro\/2019\/wp-content\/uploads\/2019\/04\/olimpiada_de_mecatronica_2002_oct.jpg","contentUrl":"https:\/\/zem.utcluj.ro\/2019\/wp-content\/uploads\/2019\/04\/olimpiada_de_mecatronica_2002_oct.jpg","width":550,"height":413,"caption":"olimpiata nationala de mecatronica Cluj 2002"},{"@type":"BreadcrumbList","@id":"https:\/\/zem.utcluj.ro\/2019\/informatii-participanti\/despre-eveniment\/#breadcrumb","itemListElement":[{"@type":"ListItem","position":1,"name":"Home","item":"https:\/\/zem.utcluj.ro\/2019\/"},{"@type":"ListItem","position":2,"name":"Informa\u021bii participan\u021bi","item":"https:\/\/zem.utcluj.ro\/2019\/informatii-participanti\/"},{"@type":"ListItem","position":3,"name":"Despre eveniment"}]},{"@type":"WebSite","@id":"https:\/\/zem.utcluj.ro\/2019\/#website","url":"https:\/\/zem.utcluj.ro\/2019\/","name":"ZEM 2019 - Zilele Educatiei Mecatronice 2019","description":"Concursul National de Mecatronica - Editia a X-a","publisher":{"@id":"https:\/\/zem.utcluj.ro\/2019\/#organization"},"potentialAction":[{"@type":"SearchAction","target":{"@type":"EntryPoint","urlTemplate":"https:\/\/zem.utcluj.ro\/2019\/?s={search_term_string}"},"query-input":{"@type":"PropertyValueSpecification","valueRequired":true,"valueName":"search_term_string"}}],"inLanguage":"en-US"},{"@type":"Organization","@id":"https:\/\/zem.utcluj.ro\/2019\/#organization","name":"Technical University of Cluj-Napoca","url":"https:\/\/zem.utcluj.ro\/2019\/","logo":{"@type":"ImageObject","inLanguage":"en-US","@id":"https:\/\/zem.utcluj.ro\/2019\/#\/schema\/logo\/image\/","url":"https:\/\/zem.utcluj.ro\/2019\/wp-content\/uploads\/2019\/04\/logo-zem.png","contentUrl":"https:\/\/zem.utcluj.ro\/2019\/wp-content\/uploads\/2019\/04\/logo-zem.png","width":440,"height":185,"caption":"Technical University of Cluj-Napoca"},"image":{"@id":"https:\/\/zem.utcluj.ro\/2019\/#\/schema\/logo\/image\/"}}]}},"_links":{"self":[{"href":"https:\/\/zem.utcluj.ro\/2019\/wp-json\/wp\/v2\/pages\/20","targetHints":{"allow":["GET"]}}],"collection":[{"href":"https:\/\/zem.utcluj.ro\/2019\/wp-json\/wp\/v2\/pages"}],"about":[{"href":"https:\/\/zem.utcluj.ro\/2019\/wp-json\/wp\/v2\/types\/page"}],"author":[{"embeddable":true,"href":"https:\/\/zem.utcluj.ro\/2019\/wp-json\/wp\/v2\/users\/1"}],"replies":[{"embeddable":true,"href":"https:\/\/zem.utcluj.ro\/2019\/wp-json\/wp\/v2\/comments?post=20"}],"version-history":[{"count":68,"href":"https:\/\/zem.utcluj.ro\/2019\/wp-json\/wp\/v2\/pages\/20\/revisions"}],"predecessor-version":[{"id":629,"href":"https:\/\/zem.utcluj.ro\/2019\/wp-json\/wp\/v2\/pages\/20\/revisions\/629"}],"up":[{"embeddable":true,"href":"https:\/\/zem.utcluj.ro\/2019\/wp-json\/wp\/v2\/pages\/24"}],"wp:attachment":[{"href":"https:\/\/zem.utcluj.ro\/2019\/wp-json\/wp\/v2\/media?parent=20"}],"curies":[{"name":"wp","href":"https:\/\/api.w.org\/{rel}","templated":true}]}}