{"id":102,"date":"2019-04-10T21:16:59","date_gmt":"2019-04-10T19:16:59","guid":{"rendered":"https:\/\/zem.utcluj.ro\/2019\/?page_id=102"},"modified":"2019-06-29T10:40:37","modified_gmt":"2019-06-29T08:40:37","slug":"firme","status":"publish","type":"page","link":"https:\/\/zem.utcluj.ro\/2019\/informatii-participanti\/firme\/","title":{"rendered":"Informa\u021bii firme"},"content":{"rendered":"\n<h3 class=\"wp-block-heading\" id=\"mce_1\">Informa\u021bii pentru firme<\/h3>\n\n\n\n<p>Sponsorii au posibilitatea <strong>prezent\u0103rii companiei \u00een plenul manifest\u0103rii<\/strong>, ce va avea loc \u00een Aula Centenar \u00een data de miercuri, 22.05.2019, \u00een intervalul orar 8<sup>15<\/sup> &#8211; 10<sup>00<\/sup>. Durata prezent\u0103rii unei firme va fi de 15-20 min. Programul&nbsp; (ora)&nbsp; prezent\u0103rilor va fi stabilit de comun acord cu to\u021bi participan\u021bii.<\/p>\n\n\n\n<p>De asemenea se va pune la dispozi\u021bia sponsorilor <strong>standuri expozi\u021bionale<\/strong> de dimensiunea 300&#215;100 cm, dotate cu o mas\u0103, 2 scaune, priza 230 V \u0219i o pazie inscrip\u021bionat\u0103 cu numele firmei, ocazie cu care se va putea prezenta activitatea companiei prin produse reprezentative \u0219i organiza \u00eent\u00e2lniri cu studen\u021bii \u0219i cadrele didactice participante.<\/p>\n\n\n\n<p>Sponsorii sunt ruga\u021bi ca p\u00e2n\u0103 \u00een data de 30.04.2019 s\u0103 transmit\u0103 organizatorilor forma particip\u0103rii la manifestare cu: stand expozi\u021bional, prezentarea companiei \u00een plen, sau ambele (prin <a href=\"mailto:zem.utcluj.ro@gmail.com\"><strong>email<\/strong><\/a> sau folosind <a href=\"\/contact\/\"><strong>formularul de contact<\/strong><\/a>). <\/p>\n","protected":false},"excerpt":{"rendered":"<p>Informa\u021bii pentru firme Sponsorii au posibilitatea prezent\u0103rii companiei \u00een plenul manifest\u0103rii, ce va avea loc \u00een Aula Centenar \u00een data de miercuri, 22.05.2019, \u00een intervalul orar 815 &#8211; 1000. Durata prezent\u0103rii unei firme va fi de 15-20 min. Programul&nbsp; (ora)&nbsp; prezent\u0103rilor va fi stabilit de comun acord cu to\u021bi participan\u021bii. De asemenea se va pune&hellip; <br \/> <a class=\"read-more\" href=\"https:\/\/zem.utcluj.ro\/2019\/informatii-participanti\/firme\/\">Read more<\/a><\/p>\n","protected":false},"author":1,"featured_media":0,"parent":24,"menu_order":4,"comment_status":"closed","ping_status":"closed","template":"page-templates\/page-with-left-sidebar.php","meta":{"footnotes":""},"class_list":["post-102","page","type-page","status-publish","hentry"],"yoast_head":"<!-- This site is optimized with the Yoast SEO plugin v23.9 - https:\/\/yoast.com\/wordpress\/plugins\/seo\/ -->\n<title>Informa\u021bii firme - ZEM 2019 - Zilele Educatiei Mecatronice 2019<\/title>\n<meta name=\"robots\" content=\"index, follow, max-snippet:-1, max-image-preview:large, max-video-preview:-1\" \/>\n<link rel=\"canonical\" href=\"https:\/\/zem.utcluj.ro\/2019\/informatii-participanti\/firme\/\" \/>\n<meta property=\"og:locale\" content=\"en_US\" \/>\n<meta property=\"og:type\" content=\"article\" \/>\n<meta property=\"og:title\" content=\"Informa\u021bii firme - ZEM 2019 - Zilele Educatiei Mecatronice 2019\" \/>\n<meta property=\"og:description\" content=\"Informa\u021bii pentru firme Sponsorii au posibilitatea prezent\u0103rii companiei \u00een plenul manifest\u0103rii, ce va avea loc \u00een Aula Centenar \u00een data de miercuri, 22.05.2019, \u00een intervalul orar 815 &#8211; 1000. Durata prezent\u0103rii unei firme va fi de 15-20 min. Programul&nbsp; (ora)&nbsp; prezent\u0103rilor va fi stabilit de comun acord cu to\u021bi participan\u021bii. De asemenea se va pune&hellip; Read more\" \/>\n<meta property=\"og:url\" content=\"https:\/\/zem.utcluj.ro\/2019\/informatii-participanti\/firme\/\" \/>\n<meta property=\"og:site_name\" content=\"ZEM 2019 - Zilele Educatiei Mecatronice 2019\" \/>\n<meta property=\"article:modified_time\" content=\"2019-06-29T08:40:37+00:00\" \/>\n<meta name=\"twitter:card\" content=\"summary_large_image\" \/>\n<meta name=\"twitter:label1\" content=\"Est. reading time\" \/>\n\t<meta name=\"twitter:data1\" content=\"1 minute\" \/>\n<script type=\"application\/ld+json\" class=\"yoast-schema-graph\">{\"@context\":\"https:\/\/schema.org\",\"@graph\":[{\"@type\":\"WebPage\",\"@id\":\"https:\/\/zem.utcluj.ro\/2019\/informatii-participanti\/firme\/\",\"url\":\"https:\/\/zem.utcluj.ro\/2019\/informatii-participanti\/firme\/\",\"name\":\"Informa\u021bii firme - ZEM 2019 - Zilele Educatiei Mecatronice 2019\",\"isPartOf\":{\"@id\":\"https:\/\/zem.utcluj.ro\/2019\/#website\"},\"datePublished\":\"2019-04-10T19:16:59+00:00\",\"dateModified\":\"2019-06-29T08:40:37+00:00\",\"breadcrumb\":{\"@id\":\"https:\/\/zem.utcluj.ro\/2019\/informatii-participanti\/firme\/#breadcrumb\"},\"inLanguage\":\"en-US\",\"potentialAction\":[{\"@type\":\"ReadAction\",\"target\":[\"https:\/\/zem.utcluj.ro\/2019\/informatii-participanti\/firme\/\"]}]},{\"@type\":\"BreadcrumbList\",\"@id\":\"https:\/\/zem.utcluj.ro\/2019\/informatii-participanti\/firme\/#breadcrumb\",\"itemListElement\":[{\"@type\":\"ListItem\",\"position\":1,\"name\":\"Home\",\"item\":\"https:\/\/zem.utcluj.ro\/2019\/\"},{\"@type\":\"ListItem\",\"position\":2,\"name\":\"Informa\u021bii participan\u021bi\",\"item\":\"https:\/\/zem.utcluj.ro\/2019\/informatii-participanti\/\"},{\"@type\":\"ListItem\",\"position\":3,\"name\":\"Informa\u021bii firme\"}]},{\"@type\":\"WebSite\",\"@id\":\"https:\/\/zem.utcluj.ro\/2019\/#website\",\"url\":\"https:\/\/zem.utcluj.ro\/2019\/\",\"name\":\"ZEM 2019 - Zilele Educatiei Mecatronice 2019\",\"description\":\"Concursul National de Mecatronica - Editia a X-a\",\"publisher\":{\"@id\":\"https:\/\/zem.utcluj.ro\/2019\/#organization\"},\"potentialAction\":[{\"@type\":\"SearchAction\",\"target\":{\"@type\":\"EntryPoint\",\"urlTemplate\":\"https:\/\/zem.utcluj.ro\/2019\/?s={search_term_string}\"},\"query-input\":{\"@type\":\"PropertyValueSpecification\",\"valueRequired\":true,\"valueName\":\"search_term_string\"}}],\"inLanguage\":\"en-US\"},{\"@type\":\"Organization\",\"@id\":\"https:\/\/zem.utcluj.ro\/2019\/#organization\",\"name\":\"Technical University of Cluj-Napoca\",\"url\":\"https:\/\/zem.utcluj.ro\/2019\/\",\"logo\":{\"@type\":\"ImageObject\",\"inLanguage\":\"en-US\",\"@id\":\"https:\/\/zem.utcluj.ro\/2019\/#\/schema\/logo\/image\/\",\"url\":\"https:\/\/zem.utcluj.ro\/2019\/wp-content\/uploads\/2019\/04\/logo-zem.png\",\"contentUrl\":\"https:\/\/zem.utcluj.ro\/2019\/wp-content\/uploads\/2019\/04\/logo-zem.png\",\"width\":440,\"height\":185,\"caption\":\"Technical University of Cluj-Napoca\"},\"image\":{\"@id\":\"https:\/\/zem.utcluj.ro\/2019\/#\/schema\/logo\/image\/\"}}]}<\/script>\n<!-- \/ Yoast SEO plugin. -->","yoast_head_json":{"title":"Informa\u021bii firme - ZEM 2019 - Zilele Educatiei Mecatronice 2019","robots":{"index":"index","follow":"follow","max-snippet":"max-snippet:-1","max-image-preview":"max-image-preview:large","max-video-preview":"max-video-preview:-1"},"canonical":"https:\/\/zem.utcluj.ro\/2019\/informatii-participanti\/firme\/","og_locale":"en_US","og_type":"article","og_title":"Informa\u021bii firme - ZEM 2019 - Zilele Educatiei Mecatronice 2019","og_description":"Informa\u021bii pentru firme Sponsorii au posibilitatea prezent\u0103rii companiei \u00een plenul manifest\u0103rii, ce va avea loc \u00een Aula Centenar \u00een data de miercuri, 22.05.2019, \u00een intervalul orar 815 &#8211; 1000. Durata prezent\u0103rii unei firme va fi de 15-20 min. Programul&nbsp; (ora)&nbsp; prezent\u0103rilor va fi stabilit de comun acord cu to\u021bi participan\u021bii. De asemenea se va pune&hellip; Read more","og_url":"https:\/\/zem.utcluj.ro\/2019\/informatii-participanti\/firme\/","og_site_name":"ZEM 2019 - Zilele Educatiei Mecatronice 2019","article_modified_time":"2019-06-29T08:40:37+00:00","twitter_card":"summary_large_image","twitter_misc":{"Est. reading time":"1 minute"},"schema":{"@context":"https:\/\/schema.org","@graph":[{"@type":"WebPage","@id":"https:\/\/zem.utcluj.ro\/2019\/informatii-participanti\/firme\/","url":"https:\/\/zem.utcluj.ro\/2019\/informatii-participanti\/firme\/","name":"Informa\u021bii firme - ZEM 2019 - Zilele Educatiei Mecatronice 2019","isPartOf":{"@id":"https:\/\/zem.utcluj.ro\/2019\/#website"},"datePublished":"2019-04-10T19:16:59+00:00","dateModified":"2019-06-29T08:40:37+00:00","breadcrumb":{"@id":"https:\/\/zem.utcluj.ro\/2019\/informatii-participanti\/firme\/#breadcrumb"},"inLanguage":"en-US","potentialAction":[{"@type":"ReadAction","target":["https:\/\/zem.utcluj.ro\/2019\/informatii-participanti\/firme\/"]}]},{"@type":"BreadcrumbList","@id":"https:\/\/zem.utcluj.ro\/2019\/informatii-participanti\/firme\/#breadcrumb","itemListElement":[{"@type":"ListItem","position":1,"name":"Home","item":"https:\/\/zem.utcluj.ro\/2019\/"},{"@type":"ListItem","position":2,"name":"Informa\u021bii participan\u021bi","item":"https:\/\/zem.utcluj.ro\/2019\/informatii-participanti\/"},{"@type":"ListItem","position":3,"name":"Informa\u021bii firme"}]},{"@type":"WebSite","@id":"https:\/\/zem.utcluj.ro\/2019\/#website","url":"https:\/\/zem.utcluj.ro\/2019\/","name":"ZEM 2019 - Zilele Educatiei Mecatronice 2019","description":"Concursul National de Mecatronica - Editia a X-a","publisher":{"@id":"https:\/\/zem.utcluj.ro\/2019\/#organization"},"potentialAction":[{"@type":"SearchAction","target":{"@type":"EntryPoint","urlTemplate":"https:\/\/zem.utcluj.ro\/2019\/?s={search_term_string}"},"query-input":{"@type":"PropertyValueSpecification","valueRequired":true,"valueName":"search_term_string"}}],"inLanguage":"en-US"},{"@type":"Organization","@id":"https:\/\/zem.utcluj.ro\/2019\/#organization","name":"Technical University of Cluj-Napoca","url":"https:\/\/zem.utcluj.ro\/2019\/","logo":{"@type":"ImageObject","inLanguage":"en-US","@id":"https:\/\/zem.utcluj.ro\/2019\/#\/schema\/logo\/image\/","url":"https:\/\/zem.utcluj.ro\/2019\/wp-content\/uploads\/2019\/04\/logo-zem.png","contentUrl":"https:\/\/zem.utcluj.ro\/2019\/wp-content\/uploads\/2019\/04\/logo-zem.png","width":440,"height":185,"caption":"Technical University of Cluj-Napoca"},"image":{"@id":"https:\/\/zem.utcluj.ro\/2019\/#\/schema\/logo\/image\/"}}]}},"_links":{"self":[{"href":"https:\/\/zem.utcluj.ro\/2019\/wp-json\/wp\/v2\/pages\/102","targetHints":{"allow":["GET"]}}],"collection":[{"href":"https:\/\/zem.utcluj.ro\/2019\/wp-json\/wp\/v2\/pages"}],"about":[{"href":"https:\/\/zem.utcluj.ro\/2019\/wp-json\/wp\/v2\/types\/page"}],"author":[{"embeddable":true,"href":"https:\/\/zem.utcluj.ro\/2019\/wp-json\/wp\/v2\/users\/1"}],"replies":[{"embeddable":true,"href":"https:\/\/zem.utcluj.ro\/2019\/wp-json\/wp\/v2\/comments?post=102"}],"version-history":[{"count":8,"href":"https:\/\/zem.utcluj.ro\/2019\/wp-json\/wp\/v2\/pages\/102\/revisions"}],"predecessor-version":[{"id":685,"href":"https:\/\/zem.utcluj.ro\/2019\/wp-json\/wp\/v2\/pages\/102\/revisions\/685"}],"up":[{"embeddable":true,"href":"https:\/\/zem.utcluj.ro\/2019\/wp-json\/wp\/v2\/pages\/24"}],"wp:attachment":[{"href":"https:\/\/zem.utcluj.ro\/2019\/wp-json\/wp\/v2\/media?parent=102"}],"curies":[{"name":"wp","href":"https:\/\/api.w.org\/{rel}","templated":true}]}}