{"version":"1.0","provider_name":"ZEM 2019 - Zilele Educatiei Mecatronice 2019","provider_url":"https:\/\/zem.utcluj.ro\/2019","author_name":"Sorin","author_url":"https:\/\/zem.utcluj.ro\/2019\/author\/sorin\/","title":"Informa\u021bii cadre didactice - ZEM 2019 - Zilele Educatiei Mecatronice 2019","type":"rich","width":600,"height":338,"html":"<blockquote class=\"wp-embedded-content\" data-secret=\"JuFPsr2yKW\"><a href=\"https:\/\/zem.utcluj.ro\/2019\/informatii-participanti\/cadre-didactice\/\">Informa\u021bii cadre didactice<\/a><\/blockquote><iframe sandbox=\"allow-scripts\" security=\"restricted\" src=\"https:\/\/zem.utcluj.ro\/2019\/informatii-participanti\/cadre-didactice\/embed\/#?secret=JuFPsr2yKW\" width=\"600\" height=\"338\" title=\"&#8220;Informa\u021bii cadre didactice&#8221; &#8212; ZEM 2019 - Zilele Educatiei Mecatronice 2019\" data-secret=\"JuFPsr2yKW\" frameborder=\"0\" marginwidth=\"0\" marginheight=\"0\" scrolling=\"no\" class=\"wp-embedded-content\"><\/iframe><script type=\"text\/javascript\">\n\/* <![CDATA[ *\/\n\/*! This file is auto-generated *\/\n!function(d,l){\"use strict\";l.querySelector&&d.addEventListener&&\"undefined\"!=typeof URL&&(d.wp=d.wp||{},d.wp.receiveEmbedMessage||(d.wp.receiveEmbedMessage=function(e){var t=e.data;if((t||t.secret||t.message||t.value)&&!\/[^a-zA-Z0-9]\/.test(t.secret)){for(var s,r,n,a=l.querySelectorAll('iframe[data-secret=\"'+t.secret+'\"]'),o=l.querySelectorAll('blockquote[data-secret=\"'+t.secret+'\"]'),c=new RegExp(\"^https?:$\",\"i\"),i=0;i<o.length;i++)o[i].style.display=\"none\";for(i=0;i<a.length;i++)s=a[i],e.source===s.contentWindow&&(s.removeAttribute(\"style\"),\"height\"===t.message?(1e3<(r=parseInt(t.value,10))?r=1e3:~~r<200&&(r=200),s.height=r):\"link\"===t.message&&(r=new URL(s.getAttribute(\"src\")),n=new URL(t.value),c.test(n.protocol))&&n.host===r.host&&l.activeElement===s&&(d.top.location.href=t.value))}},d.addEventListener(\"message\",d.wp.receiveEmbedMessage,!1),l.addEventListener(\"DOMContentLoaded\",function(){for(var e,t,s=l.querySelectorAll(\"iframe.wp-embedded-content\"),r=0;r<s.length;r++)(t=(e=s[r]).getAttribute(\"data-secret\"))||(t=Math.random().toString(36).substring(2,12),e.src+=\"#?secret=\"+t,e.setAttribute(\"data-secret\",t)),e.contentWindow.postMessage({message:\"ready\",secret:t},\"*\")},!1)))}(window,document);\n\/* ]]> *\/\n<\/script>\n","description":"Informa\u021bii cadre didactice Cazare &#8211; recomandarea noastr\u0103! Hotel Univers T *** Adresa: Cluj-Napoca, Str. Al. Vaida Voevod, Nr. 53-55, 400436. Pre\u021b negociat pentru evenimentul ZEM 2019: &#8211; camera single: 212 lei\/camer\u0103* &#8211; camera double: 257 lei\/camer\u0103**Preturile sunt pentru o noapte de cazare \u0219i includ mic dejun la restaurantul hotelului.&nbsp; Pentru rezervare v\u0103 rug\u0103m s\u0103 ne&hellip; Read more"}